{"id":8734,"date":"2024-06-17T16:31:10","date_gmt":"2024-06-17T14:31:10","guid":{"rendered":"https:\/\/www.fiduciariamega.ch\/?page_id=8734"},"modified":"2025-04-08T17:21:46","modified_gmt":"2025-04-08T15:21:46","slug":"anna-granati","status":"publish","type":"page","link":"https:\/\/www.fiduciariamega.ch\/de\/personen\/anna-granati\/","title":{"rendered":"Anna Granati"},"content":{"rendered":"<p><div class=\"fusion-fullwidth fullwidth-box fusion-builder-row-1 fusion-flex-container nonhundred-percent-fullwidth non-hundred-percent-height-scrolling\" style=\"--awb-border-radius-top-left:0px;--awb-border-radius-top-right:0px;--awb-border-radius-bottom-right:0px;--awb-border-radius-bottom-left:0px;--awb-padding-top:0px;--awb-padding-right:120px;--awb-padding-left:120px;--awb-margin-top:0px;--awb-background-color:#ececec;--awb-flex-wrap:wrap;\" ><div class=\"fusion-builder-row fusion-row fusion-flex-align-items-flex-start fusion-flex-content-wrap\" style=\"max-width:1372.8px;margin-left: calc(-4% \/ 2 );margin-right: calc(-4% \/ 2 );\"><div class=\"fusion-layout-column fusion_builder_column fusion-builder-column-0 fusion_builder_column_1_2 1_2 fusion-flex-column\" style=\"--awb-bg-size:cover;--awb-width-large:50%;--awb-margin-top-large:0px;--awb-spacing-right-large:3.84%;--awb-margin-bottom-large:0px;--awb-spacing-left-large:3.84%;--awb-width-medium:50%;--awb-order-medium:0;--awb-spacing-right-medium:3.84%;--awb-spacing-left-medium:3.84%;--awb-width-small:100%;--awb-order-small:0;--awb-spacing-right-small:1.92%;--awb-spacing-left-small:1.92%;\"><div class=\"fusion-column-wrapper fusion-column-has-shadow fusion-flex-justify-content-flex-start fusion-content-layout-column\"><div class=\"fusion-image-element \" style=\"text-align:center;--awb-margin-bottom:0px;--awb-max-width:290px;--awb-caption-title-font-family:var(--h2_typography-font-family);--awb-caption-title-font-weight:var(--h2_typography-font-weight);--awb-caption-title-font-style:var(--h2_typography-font-style);--awb-caption-title-size:var(--h2_typography-font-size);--awb-caption-title-transform:var(--h2_typography-text-transform);--awb-caption-title-line-height:var(--h2_typography-line-height);--awb-caption-title-letter-spacing:var(--h2_typography-letter-spacing);\"><span class=\" fusion-imageframe imageframe-none imageframe-1 hover-type-none\"><img decoding=\"async\" width=\"1018\" height=\"1526\" alt=\"Alessandra Balerna\" title=\"Anna Granati\" src=\"https:\/\/www.fiduciariamega.ch\/wp-content\/uploads\/2024\/06\/AGR-bn-webcut.jpg\" data-orig-src=\"https:\/\/www.fiduciariamega.ch\/wp-content\/uploads\/2024\/06\/AGR-bn-webcut.jpg\" class=\"lazyload img-responsive wp-image-8747\" srcset=\"data:image\/svg+xml,%3Csvg%20xmlns%3D%27http%3A%2F%2Fwww.w3.org%2F2000%2Fsvg%27%20width%3D%271018%27%20height%3D%271526%27%20viewBox%3D%270%200%201018%201526%27%3E%3Crect%20width%3D%271018%27%20height%3D%271526%27%20fill-opacity%3D%220%22%2F%3E%3C%2Fsvg%3E\" data-srcset=\"https:\/\/www.fiduciariamega.ch\/wp-content\/uploads\/2024\/06\/AGR-bn-webcut-200x300.jpg 200w, https:\/\/www.fiduciariamega.ch\/wp-content\/uploads\/2024\/06\/AGR-bn-webcut-400x600.jpg 400w, https:\/\/www.fiduciariamega.ch\/wp-content\/uploads\/2024\/06\/AGR-bn-webcut-600x899.jpg 600w, https:\/\/www.fiduciariamega.ch\/wp-content\/uploads\/2024\/06\/AGR-bn-webcut-800x1199.jpg 800w, https:\/\/www.fiduciariamega.ch\/wp-content\/uploads\/2024\/06\/AGR-bn-webcut.jpg 1018w\" data-sizes=\"auto\" data-orig-sizes=\"(max-width: 640px) 100vw, 800px\" \/><\/span><\/div><\/div><\/div><div class=\"fusion-layout-column fusion_builder_column fusion-builder-column-1 fusion_builder_column_1_2 1_2 fusion-flex-column\" style=\"--awb-padding-top:30px;--awb-bg-size:cover;--awb-width-large:50%;--awb-margin-top-large:20px;--awb-spacing-right-large:3.84%;--awb-margin-bottom-large:20px;--awb-spacing-left-large:3.84%;--awb-width-medium:50%;--awb-order-medium:0;--awb-spacing-right-medium:3.84%;--awb-spacing-left-medium:3.84%;--awb-width-small:100%;--awb-order-small:0;--awb-spacing-right-small:1.92%;--awb-spacing-left-small:1.92%;\"><div class=\"fusion-column-wrapper fusion-column-has-shadow fusion-flex-justify-content-flex-start fusion-content-layout-column\"><div class=\"fusion-title title fusion-title-1 fusion-sep-none fusion-title-text fusion-title-size-one TitoloPersona\"><h1 class=\"fusion-title-heading title-heading-left fusion-responsive-typography-calculated\" style=\"margin:0;--fontSize:56;line-height:1.12;\"><h1><span class=\"person-name\">Anna Granati<\/span><\/h1>\n<p><span class=\"person-title\">Prokuristin<\/span><\/h1><\/div><div class=\"fusion-text fusion-text-1\" style=\"--awb-font-size:16px;--awb-line-height:0.6;--awb-text-transform:none;\"><p>Vicolo Nassetta 2<\/p>\n<p>CH-6900 Lugano<\/p>\n<p>+41 58 896 96 00<\/p>\n<p><a href=\"mailto:anna.granati@fiduciariamega.ch\">anna.granati@fiduciariamega.ch<\/a><\/p>\n<\/div><\/div><\/div><\/div><\/div><div class=\"fusion-fullwidth fullwidth-box fusion-builder-row-2 fusion-flex-container nonhundred-percent-fullwidth non-hundred-percent-height-scrolling\" style=\"--awb-border-radius-top-left:0px;--awb-border-radius-top-right:0px;--awb-border-radius-bottom-right:0px;--awb-border-radius-bottom-left:0px;--awb-flex-wrap:wrap;\" ><div class=\"fusion-builder-row fusion-row fusion-flex-align-items-flex-start fusion-flex-content-wrap\" style=\"max-width:1372.8px;margin-left: calc(-4% \/ 2 );margin-right: calc(-4% \/ 2 );\"><div class=\"fusion-layout-column fusion_builder_column fusion-builder-column-2 fusion_builder_column_1_1 1_1 fusion-flex-column\" style=\"--awb-padding-top:30px;--awb-bg-size:cover;--awb-width-large:100%;--awb-margin-top-large:20px;--awb-spacing-right-large:1.92%;--awb-margin-bottom-large:20px;--awb-spacing-left-large:1.92%;--awb-width-medium:100%;--awb-order-medium:0;--awb-spacing-right-medium:1.92%;--awb-spacing-left-medium:1.92%;--awb-width-small:100%;--awb-order-small:0;--awb-spacing-right-small:1.92%;--awb-spacing-left-small:1.92%;\"><div class=\"fusion-column-wrapper fusion-column-has-shadow fusion-flex-justify-content-flex-start fusion-content-layout-column\"><div class=\"fusion-title title fusion-title-2 fusion-sep-none fusion-title-text fusion-title-size-two\" style=\"--awb-margin-bottom:15px;\"><h2 class=\"fusion-title-heading title-heading-left fusion-responsive-typography-calculated\" style=\"margin:0;--fontSize:44;line-height:1.14;\">\u00dcber mich<\/h2><\/div><div class=\"fusion-separator\" style=\"align-self: flex-start;margin-right:auto;margin-bottom:25px;width:100%;max-width:100px;\"><div class=\"fusion-separator-border sep-single sep-solid\" style=\"--awb-height:20px;--awb-amount:20px;--awb-sep-color:#0fa446;border-color:#0fa446;border-top-width:2px;\"><\/div><\/div><div class=\"fusion-text fusion-text-2\" style=\"--awb-text-transform:none;\"><p>Nach Abschluss meines Jurastudiums an der Universit\u00e4t Lausanne begann ich meine berufliche Laufbahn als Rechtspraktikantin bei der Regionalen Beh\u00f6rde f\u00fcr Kindes- und Erwachsenenschutz und in der Justiz und absolvierte sp\u00e4ter ein Praktikum in einer Anwaltskanzlei. Vor dem Erwerb des Anwaltspatents war ich im \u00f6ffentlichen Sektor t\u00e4tig und habe mich sp\u00e4ter auf das Migrationsrecht spezialisiert. Im Jahr 2023 begann ich meine T\u00e4tigkeit bei Fiduciaria Mega SA als Rechtsberaterin, wobei ich mich haupts\u00e4chlich mit Arbeitsrecht, Gesellschaftsrecht und Migrationsrecht befasse.<\/p>\n<\/div><\/div><\/div><\/div><\/div><div class=\"fusion-fullwidth fullwidth-box fusion-builder-row-3 fusion-flex-container nonhundred-percent-fullwidth non-hundred-percent-height-scrolling\" style=\"--awb-border-radius-top-left:0px;--awb-border-radius-top-right:0px;--awb-border-radius-bottom-right:0px;--awb-border-radius-bottom-left:0px;--awb-flex-wrap:wrap;\" ><div class=\"fusion-builder-row fusion-row fusion-flex-align-items-flex-start fusion-flex-content-wrap\" style=\"max-width:1372.8px;margin-left: calc(-4% \/ 2 );margin-right: calc(-4% \/ 2 );\"><div class=\"fusion-layout-column fusion_builder_column fusion-builder-column-3 fusion_builder_column_1_2 1_2 fusion-flex-column\" style=\"--awb-bg-size:cover;--awb-width-large:50%;--awb-margin-top-large:20px;--awb-spacing-right-large:3.84%;--awb-margin-bottom-large:20px;--awb-spacing-left-large:3.84%;--awb-width-medium:50%;--awb-order-medium:0;--awb-spacing-right-medium:3.84%;--awb-spacing-left-medium:3.84%;--awb-width-small:100%;--awb-order-small:0;--awb-spacing-right-small:1.92%;--awb-spacing-left-small:1.92%;\"><div class=\"fusion-column-wrapper fusion-column-has-shadow fusion-flex-justify-content-flex-start fusion-content-layout-column\"><div class=\"fusion-title title fusion-title-3 fusion-sep-none fusion-title-text fusion-title-size-two\" style=\"--awb-margin-bottom:15px;\"><h2 class=\"fusion-title-heading title-heading-left fusion-responsive-typography-calculated\" style=\"margin:0;--fontSize:44;line-height:1.14;\">T\u00e4tigkeitsbereiche<\/h2><\/div><div class=\"fusion-separator\" style=\"align-self: flex-start;margin-right:auto;margin-bottom:25px;width:100%;max-width:100px;\"><div class=\"fusion-separator-border sep-single sep-solid\" style=\"--awb-height:20px;--awb-amount:20px;--awb-sep-color:#0fa446;border-color:#0fa446;border-top-width:2px;\"><\/div><\/div><ul style=\"--awb-size:16px;--awb-iconcolor:#0fa446;--awb-line-height:27.2px;--awb-icon-width:27.2px;--awb-icon-height:27.2px;--awb-icon-margin:11.2px;--awb-content-margin:38.4px;\" class=\"fusion-checklist fusion-checklist-1 fusion-checklist-default type-icons checklistPersona\"><li class=\"fusion-li-item\" style=\"\"><span class=\"icon-wrapper circle-no\"><i class=\"fusion-li-icon fa-angle-right fas\" aria-hidden=\"true\"><\/i><\/span><div class=\"fusion-li-item-content\">\n<p>Arbeitsrecht<\/p>\n<\/div><\/li><li class=\"fusion-li-item\" style=\"\"><span class=\"icon-wrapper circle-no\"><i class=\"fusion-li-icon fa-angle-right fas\" aria-hidden=\"true\"><\/i><\/span><div class=\"fusion-li-item-content\">\n<p>Gesellschaftsrecht<\/p>\n<\/div><\/li><li class=\"fusion-li-item\" style=\"\"><span class=\"icon-wrapper circle-no\"><i class=\"fusion-li-icon fa-angle-right fas\" aria-hidden=\"true\"><\/i><\/span><div class=\"fusion-li-item-content\">\n<p>Migrationsrecht<\/p>\n<\/div><\/li><li class=\"fusion-li-item\" style=\"\"><span class=\"icon-wrapper circle-no\"><i class=\"fusion-li-icon fa-angle-right fas\" aria-hidden=\"true\"><\/i><\/span><div class=\"fusion-li-item-content\">\n<p>Vertr\u00e4ge<\/p>\n<\/div><\/li><li class=\"fusion-li-item\" style=\"\"><span class=\"icon-wrapper circle-no\"><i class=\"fusion-li-icon fa-angle-right fas\" aria-hidden=\"true\"><\/i><\/span><div class=\"fusion-li-item-content\">Beratung zu LAFE (Erwerb von Immobilienfonds durch ausl\u00e4ndische Personen)<\/div><\/li><\/ul><\/div><\/div><div class=\"fusion-layout-column fusion_builder_column fusion-builder-column-4 fusion_builder_column_1_2 1_2 fusion-flex-column\" style=\"--awb-bg-size:cover;--awb-width-large:50%;--awb-margin-top-large:20px;--awb-spacing-right-large:3.84%;--awb-margin-bottom-large:20px;--awb-spacing-left-large:3.84%;--awb-width-medium:50%;--awb-order-medium:0;--awb-spacing-right-medium:3.84%;--awb-spacing-left-medium:3.84%;--awb-width-small:100%;--awb-order-small:0;--awb-spacing-right-small:1.92%;--awb-spacing-left-small:1.92%;\"><div class=\"fusion-column-wrapper fusion-column-has-shadow fusion-flex-justify-content-flex-start fusion-content-layout-column\"><div class=\"fusion-title title fusion-title-4 fusion-sep-none fusion-title-text fusion-title-size-two\" style=\"--awb-margin-bottom:15px;\"><h2 class=\"fusion-title-heading title-heading-left fusion-responsive-typography-calculated\" style=\"margin:0;--fontSize:44;line-height:1.14;\">Berufliche Erfahrung<\/h2><\/div><div class=\"fusion-separator\" style=\"align-self: flex-start;margin-right:auto;margin-bottom:25px;width:100%;max-width:100px;\"><div class=\"fusion-separator-border sep-single sep-solid\" style=\"--awb-height:20px;--awb-amount:20px;--awb-sep-color:#0fa446;border-color:#0fa446;border-top-width:2px;\"><\/div><\/div><ul style=\"--awb-size:16px;--awb-iconcolor:#0fa446;--awb-line-height:27.2px;--awb-icon-width:27.2px;--awb-icon-height:27.2px;--awb-icon-margin:11.2px;--awb-content-margin:38.4px;\" class=\"fusion-checklist fusion-checklist-2 fusion-checklist-default type-icons checklistPersona\"><li class=\"fusion-li-item\" style=\"\"><span class=\"icon-wrapper circle-no\"><i class=\"fusion-li-icon fa-angle-right fas\" aria-hidden=\"true\"><\/i><\/span><div class=\"fusion-li-item-content\">\n<p>Prokuristin Fiduciaria Mega SA (seit 2024)<\/p>\n<\/div><\/li><li class=\"fusion-li-item\" style=\"\"><span class=\"icon-wrapper circle-no\"><i class=\"fusion-li-icon fa-angle-right fas\" aria-hidden=\"true\"><\/i><\/span><div class=\"fusion-li-item-content\">\n<p>Eintritt in Fiduciaria Mega SA, Lugano (2023)<\/p>\n<\/div><\/li><li class=\"fusion-li-item\" style=\"\"><span class=\"icon-wrapper circle-no\"><i class=\"fusion-li-icon fa-angle-right fas\" aria-hidden=\"true\"><\/i><\/span><div class=\"fusion-li-item-content\">\n<p>Rechtsberatungsstelle SAH Tessin (Schweizerisches Arbeiterhilfswerk), Lugano, Juristin (2022)<\/p>\n<\/div><\/li><li class=\"fusion-li-item\" style=\"\"><span class=\"icon-wrapper circle-no\"><i class=\"fusion-li-icon fa-angle-right fas\" aria-hidden=\"true\"><\/i><\/span><div class=\"fusion-li-item-content\">\n<p>Republik und Kanton Tessin, Juristin II im Rechtsdienst des Amtes f\u00fcr Arbeit (2021)<\/p>\n<\/div><\/li><li class=\"fusion-li-item\" style=\"\"><span class=\"icon-wrapper circle-no\"><i class=\"fusion-li-icon fa-angle-right fas\" aria-hidden=\"true\"><\/i><\/span><div class=\"fusion-li-item-content\">\n<p>Beschwerdedienst des Staatsrates, Bellinzona, Gerichtspraktikantin (2020-2021)<\/p>\n<\/div><\/li><li class=\"fusion-li-item\" style=\"\"><span class=\"icon-wrapper circle-no\"><i class=\"fusion-li-icon fa-angle-right fas\" aria-hidden=\"true\"><\/i><\/span><div class=\"fusion-li-item-content\">\n<p>Studio legale 1896 , Rechtspraktikantin (2019-2020)<\/p>\n<\/div><\/li><li class=\"fusion-li-item\" style=\"\"><span class=\"icon-wrapper circle-no\"><i class=\"fusion-li-icon fa-angle-right fas\" aria-hidden=\"true\"><\/i><\/span><div class=\"fusion-li-item-content\">\n<p>Bezirksgericht Riviera, Gerichtspraktikantin (2019)<\/p>\n<\/div><\/li><li class=\"fusion-li-item\" style=\"\"><span class=\"icon-wrapper circle-no\"><i class=\"fusion-li-icon fa-angle-right fas\" aria-hidden=\"true\"><\/i><\/span><div class=\"fusion-li-item-content\">\n<p>Kindes- und Erwachsenenschutzbeh\u00f6rde 3, Lugano, Rechtspraktikantin (2018)<\/p>\n<\/div><\/li><\/ul><\/div><\/div><div class=\"fusion-layout-column fusion_builder_column fusion-builder-column-5 fusion_builder_column_1_2 1_2 fusion-flex-column\" style=\"--awb-bg-size:cover;--awb-width-large:50%;--awb-margin-top-large:20px;--awb-spacing-right-large:3.84%;--awb-margin-bottom-large:20px;--awb-spacing-left-large:3.84%;--awb-width-medium:50%;--awb-order-medium:0;--awb-spacing-right-medium:3.84%;--awb-spacing-left-medium:3.84%;--awb-width-small:100%;--awb-order-small:0;--awb-spacing-right-small:1.92%;--awb-spacing-left-small:1.92%;\"><div class=\"fusion-column-wrapper fusion-column-has-shadow fusion-flex-justify-content-flex-start fusion-content-layout-column\"><div class=\"fusion-title title fusion-title-5 fusion-sep-none fusion-title-text fusion-title-size-two\" style=\"--awb-margin-bottom:15px;\"><h2 class=\"fusion-title-heading title-heading-left fusion-responsive-typography-calculated\" style=\"margin:0;--fontSize:44;line-height:1.14;\">Ausbildung<\/h2><\/div><div class=\"fusion-separator\" style=\"align-self: flex-start;margin-right:auto;margin-bottom:25px;width:100%;max-width:100px;\"><div class=\"fusion-separator-border sep-single sep-solid\" style=\"--awb-height:20px;--awb-amount:20px;--awb-sep-color:#0fa446;border-color:#0fa446;border-top-width:2px;\"><\/div><\/div><ul style=\"--awb-size:16px;--awb-iconcolor:#0fa446;--awb-line-height:27.2px;--awb-icon-width:27.2px;--awb-icon-height:27.2px;--awb-icon-margin:11.2px;--awb-content-margin:38.4px;\" class=\"fusion-checklist fusion-checklist-3 fusion-checklist-default type-icons checklistPersona\"><li class=\"fusion-li-item\" style=\"\"><span class=\"icon-wrapper circle-no\"><i class=\"fusion-li-icon fa-angle-right fas\" aria-hidden=\"true\"><\/i><\/span><div class=\"fusion-li-item-content\">\n<p>Erwerb des Anwaltspatentes (2022)<\/p>\n<\/div><\/li><li class=\"fusion-li-item\" style=\"\"><span class=\"icon-wrapper circle-no\"><i class=\"fusion-li-icon fa-angle-right fas\" aria-hidden=\"true\"><\/i><\/span><div class=\"fusion-li-item-content\">\n<p>Master in Rechtswissenschaften, Universit\u00e4t Lausanne (2018)<\/p>\n<\/div><\/li><li class=\"fusion-li-item\" style=\"\"><span class=\"icon-wrapper circle-no\"><i class=\"fusion-li-icon fa-angle-right fas\" aria-hidden=\"true\"><\/i><\/span><div class=\"fusion-li-item-content\">\n<p>Bachelor in Rechtswissenschaften, Universit\u00e4t Lausanne (2016)<\/p>\n<\/div><\/li><\/ul><\/div><\/div><div class=\"fusion-layout-column fusion_builder_column fusion-builder-column-6 fusion_builder_column_1_2 1_2 fusion-flex-column\" style=\"--awb-bg-size:cover;--awb-width-large:50%;--awb-margin-top-large:20px;--awb-spacing-right-large:3.84%;--awb-margin-bottom-large:20px;--awb-spacing-left-large:3.84%;--awb-width-medium:50%;--awb-order-medium:0;--awb-spacing-right-medium:3.84%;--awb-spacing-left-medium:3.84%;--awb-width-small:100%;--awb-order-small:0;--awb-spacing-right-small:1.92%;--awb-spacing-left-small:1.92%;\"><div class=\"fusion-column-wrapper fusion-column-has-shadow fusion-flex-justify-content-flex-start fusion-content-layout-column\"><div class=\"fusion-title title fusion-title-6 fusion-sep-none fusion-title-text fusion-title-size-two\" style=\"--awb-margin-bottom:15px;\"><h2 class=\"fusion-title-heading title-heading-left fusion-responsive-typography-calculated\" style=\"margin:0;--fontSize:44;line-height:1.14;\">Mitgliedschaften und Qualifikationen<\/h2><\/div><div class=\"fusion-separator\" style=\"align-self: flex-start;margin-right:auto;margin-bottom:25px;width:100%;max-width:100px;\"><div class=\"fusion-separator-border sep-single sep-solid\" style=\"--awb-height:20px;--awb-amount:20px;--awb-sep-color:#0fa446;border-color:#0fa446;border-top-width:2px;\"><\/div><\/div><ul style=\"--awb-size:16px;--awb-iconcolor:#0fa446;--awb-line-height:27.2px;--awb-icon-width:27.2px;--awb-icon-height:27.2px;--awb-icon-margin:11.2px;--awb-content-margin:38.4px;\" class=\"fusion-checklist fusion-checklist-4 fusion-checklist-default type-icons checklistPersona\"><li class=\"fusion-li-item\" style=\"\"><span class=\"icon-wrapper circle-no\"><i class=\"fusion-li-icon fa-angle-right fas\" aria-hidden=\"true\"><\/i><\/span><div class=\"fusion-li-item-content\">\n<p>Rechtsanw\u00e4ltin<\/p>\n<\/div><\/li><\/ul><\/div><\/div><div class=\"fusion-layout-column fusion_builder_column fusion-builder-column-7 fusion_builder_column_1_2 1_2 fusion-flex-column\" style=\"--awb-bg-size:cover;--awb-width-large:50%;--awb-margin-top-large:20px;--awb-spacing-right-large:3.84%;--awb-margin-bottom-large:20px;--awb-spacing-left-large:3.84%;--awb-width-medium:50%;--awb-order-medium:0;--awb-spacing-right-medium:3.84%;--awb-spacing-left-medium:3.84%;--awb-width-small:100%;--awb-order-small:0;--awb-spacing-right-small:1.92%;--awb-spacing-left-small:1.92%;\"><div class=\"fusion-column-wrapper fusion-column-has-shadow fusion-flex-justify-content-flex-start fusion-content-layout-column\"><div class=\"fusion-title title fusion-title-7 fusion-sep-none fusion-title-text fusion-title-size-two\" style=\"--awb-margin-bottom:15px;\"><h2 class=\"fusion-title-heading title-heading-left fusion-responsive-typography-calculated\" style=\"margin:0;--fontSize:44;line-height:1.14;\">Sprachen<\/h2><\/div><div class=\"fusion-separator\" style=\"align-self: flex-start;margin-right:auto;margin-bottom:25px;width:100%;max-width:100px;\"><div class=\"fusion-separator-border sep-single sep-solid\" style=\"--awb-height:20px;--awb-amount:20px;--awb-sep-color:#0fa446;border-color:#0fa446;border-top-width:2px;\"><\/div><\/div><ul style=\"--awb-size:16px;--awb-iconcolor:#0fa446;--awb-line-height:27.2px;--awb-icon-width:27.2px;--awb-icon-height:27.2px;--awb-icon-margin:11.2px;--awb-content-margin:38.4px;\" class=\"fusion-checklist fusion-checklist-5 fusion-checklist-default type-icons checklistPersona\"><li class=\"fusion-li-item\" style=\"\"><span class=\"icon-wrapper circle-no\"><i class=\"fusion-li-icon fa-angle-right fas\" aria-hidden=\"true\"><\/i><\/span><div class=\"fusion-li-item-content\">Italienisch<\/div><\/li><li class=\"fusion-li-item\" style=\"\"><span class=\"icon-wrapper circle-no\"><i class=\"fusion-li-icon fa-angle-right fas\" aria-hidden=\"true\"><\/i><\/span><div class=\"fusion-li-item-content\">Franz\u00f6sisch<\/div><\/li><li class=\"fusion-li-item\" style=\"\"><span class=\"icon-wrapper circle-no\"><i class=\"fusion-li-icon fa-angle-right fas\" aria-hidden=\"true\"><\/i><\/span><div class=\"fusion-li-item-content\">Englisch<\/div><\/li><li class=\"fusion-li-item\" style=\"\"><span class=\"icon-wrapper circle-no\"><i class=\"fusion-li-icon fa-angle-right fas\" aria-hidden=\"true\"><\/i><\/span><div class=\"fusion-li-item-content\">\n<p>Spanisch<\/p>\n<\/div><\/li><\/ul><\/div><\/div><\/div><\/div><\/p>\n","protected":false},"excerpt":{"rendered":"","protected":false},"author":3,"featured_media":0,"parent":5848,"menu_order":0,"comment_status":"closed","ping_status":"closed","template":"100-width.php","meta":{"inline_featured_image":false,"footnotes":""},"class_list":["post-8734","page","type-page","status-publish","hentry"],"yoast_head":"<!-- This site is optimized with the Yoast SEO plugin v26.6 - https:\/\/yoast.com\/wordpress\/plugins\/seo\/ -->\n<title>Anna Granati, Prokuristin | Fiduciaria Mega<\/title>\n<meta name=\"description\" content=\"Nach Abschluss meines Jurastudiums an der Universit\u00e4t Lausanne begann ich meine berufliche Laufbahn als Rechtspraktikantin bei der Regionalen Beh\u00f6rde f\u00fcr Kindes- und Erwachsenenschutz und in der Justiz und absolvierte sp\u00e4ter ein Praktikum in einer Anwaltskanzlei.\" \/>\n<meta name=\"robots\" content=\"index, follow, max-snippet:-1, max-image-preview:large, max-video-preview:-1\" \/>\n<link rel=\"canonical\" href=\"https:\/\/www.fiduciariamega.ch\/de\/personen\/anna-granati\/\" \/>\n<meta property=\"og:locale\" content=\"de_DE\" \/>\n<meta property=\"og:type\" content=\"article\" \/>\n<meta property=\"og:title\" content=\"Anna Granati, Prokuristin | Fiduciaria Mega\" \/>\n<meta property=\"og:description\" content=\"Nach Abschluss meines Jurastudiums an der Universit\u00e4t Lausanne begann ich meine berufliche Laufbahn als Rechtspraktikantin bei der Regionalen Beh\u00f6rde f\u00fcr Kindes- und Erwachsenenschutz und in der Justiz und absolvierte sp\u00e4ter ein Praktikum in einer Anwaltskanzlei.\" \/>\n<meta property=\"og:url\" content=\"https:\/\/www.fiduciariamega.ch\/de\/personen\/anna-granati\/\" \/>\n<meta property=\"og:site_name\" content=\"Fiduciaria Mega\" \/>\n<meta property=\"article:modified_time\" content=\"2025-04-08T15:21:46+00:00\" \/>\n<meta name=\"twitter:card\" content=\"summary_large_image\" \/>\n<meta name=\"twitter:label1\" content=\"Gesch\u00e4tzte Lesezeit\" \/>\n\t<meta name=\"twitter:data1\" content=\"2\u00a0Minuten\" \/>\n<script type=\"application\/ld+json\" class=\"yoast-schema-graph\">{\"@context\":\"https:\/\/schema.org\",\"@graph\":[{\"@type\":\"WebPage\",\"@id\":\"https:\/\/www.fiduciariamega.ch\/de\/personen\/anna-granati\/\",\"url\":\"https:\/\/www.fiduciariamega.ch\/de\/personen\/anna-granati\/\",\"name\":\"Anna Granati, Prokuristin | Fiduciaria Mega\",\"isPartOf\":{\"@id\":\"https:\/\/www.fiduciariamega.ch\/de\/#website\"},\"datePublished\":\"2024-06-17T14:31:10+00:00\",\"dateModified\":\"2025-04-08T15:21:46+00:00\",\"description\":\"Nach Abschluss meines Jurastudiums an der Universit\u00e4t Lausanne begann ich meine berufliche Laufbahn als Rechtspraktikantin bei der Regionalen Beh\u00f6rde f\u00fcr Kindes- und Erwachsenenschutz und in der Justiz und absolvierte sp\u00e4ter ein Praktikum in einer Anwaltskanzlei.\",\"breadcrumb\":{\"@id\":\"https:\/\/www.fiduciariamega.ch\/de\/personen\/anna-granati\/#breadcrumb\"},\"inLanguage\":\"de\",\"potentialAction\":[{\"@type\":\"ReadAction\",\"target\":[\"https:\/\/www.fiduciariamega.ch\/de\/personen\/anna-granati\/\"]}]},{\"@type\":\"BreadcrumbList\",\"@id\":\"https:\/\/www.fiduciariamega.ch\/de\/personen\/anna-granati\/#breadcrumb\",\"itemListElement\":[{\"@type\":\"ListItem\",\"position\":1,\"name\":\"Personen\",\"item\":\"https:\/\/www.fiduciariamega.ch\/de\/personen\/\"},{\"@type\":\"ListItem\",\"position\":2,\"name\":\"Anna Granati\"}]},{\"@type\":\"WebSite\",\"@id\":\"https:\/\/www.fiduciariamega.ch\/de\/#website\",\"url\":\"https:\/\/www.fiduciariamega.ch\/de\/\",\"name\":\"Fiduciaria Mega\",\"description\":\"\",\"potentialAction\":[{\"@type\":\"SearchAction\",\"target\":{\"@type\":\"EntryPoint\",\"urlTemplate\":\"https:\/\/www.fiduciariamega.ch\/de\/?s={search_term_string}\"},\"query-input\":{\"@type\":\"PropertyValueSpecification\",\"valueRequired\":true,\"valueName\":\"search_term_string\"}}],\"inLanguage\":\"de\"}]}<\/script>\n<!-- \/ Yoast SEO plugin. -->","yoast_head_json":{"title":"Anna Granati, Prokuristin | Fiduciaria Mega","description":"Nach Abschluss meines Jurastudiums an der Universit\u00e4t Lausanne begann ich meine berufliche Laufbahn als Rechtspraktikantin bei der Regionalen Beh\u00f6rde f\u00fcr Kindes- und Erwachsenenschutz und in der Justiz und absolvierte sp\u00e4ter ein Praktikum in einer Anwaltskanzlei.","robots":{"index":"index","follow":"follow","max-snippet":"max-snippet:-1","max-image-preview":"max-image-preview:large","max-video-preview":"max-video-preview:-1"},"canonical":"https:\/\/www.fiduciariamega.ch\/de\/personen\/anna-granati\/","og_locale":"de_DE","og_type":"article","og_title":"Anna Granati, Prokuristin | Fiduciaria Mega","og_description":"Nach Abschluss meines Jurastudiums an der Universit\u00e4t Lausanne begann ich meine berufliche Laufbahn als Rechtspraktikantin bei der Regionalen Beh\u00f6rde f\u00fcr Kindes- und Erwachsenenschutz und in der Justiz und absolvierte sp\u00e4ter ein Praktikum in einer Anwaltskanzlei.","og_url":"https:\/\/www.fiduciariamega.ch\/de\/personen\/anna-granati\/","og_site_name":"Fiduciaria Mega","article_modified_time":"2025-04-08T15:21:46+00:00","twitter_card":"summary_large_image","twitter_misc":{"Gesch\u00e4tzte Lesezeit":"2\u00a0Minuten"},"schema":{"@context":"https:\/\/schema.org","@graph":[{"@type":"WebPage","@id":"https:\/\/www.fiduciariamega.ch\/de\/personen\/anna-granati\/","url":"https:\/\/www.fiduciariamega.ch\/de\/personen\/anna-granati\/","name":"Anna Granati, Prokuristin | Fiduciaria Mega","isPartOf":{"@id":"https:\/\/www.fiduciariamega.ch\/de\/#website"},"datePublished":"2024-06-17T14:31:10+00:00","dateModified":"2025-04-08T15:21:46+00:00","description":"Nach Abschluss meines Jurastudiums an der Universit\u00e4t Lausanne begann ich meine berufliche Laufbahn als Rechtspraktikantin bei der Regionalen Beh\u00f6rde f\u00fcr Kindes- und Erwachsenenschutz und in der Justiz und absolvierte sp\u00e4ter ein Praktikum in einer Anwaltskanzlei.","breadcrumb":{"@id":"https:\/\/www.fiduciariamega.ch\/de\/personen\/anna-granati\/#breadcrumb"},"inLanguage":"de","potentialAction":[{"@type":"ReadAction","target":["https:\/\/www.fiduciariamega.ch\/de\/personen\/anna-granati\/"]}]},{"@type":"BreadcrumbList","@id":"https:\/\/www.fiduciariamega.ch\/de\/personen\/anna-granati\/#breadcrumb","itemListElement":[{"@type":"ListItem","position":1,"name":"Personen","item":"https:\/\/www.fiduciariamega.ch\/de\/personen\/"},{"@type":"ListItem","position":2,"name":"Anna Granati"}]},{"@type":"WebSite","@id":"https:\/\/www.fiduciariamega.ch\/de\/#website","url":"https:\/\/www.fiduciariamega.ch\/de\/","name":"Fiduciaria Mega","description":"","potentialAction":[{"@type":"SearchAction","target":{"@type":"EntryPoint","urlTemplate":"https:\/\/www.fiduciariamega.ch\/de\/?s={search_term_string}"},"query-input":{"@type":"PropertyValueSpecification","valueRequired":true,"valueName":"search_term_string"}}],"inLanguage":"de"}]}},"_links":{"self":[{"href":"https:\/\/www.fiduciariamega.ch\/de\/wp-json\/wp\/v2\/pages\/8734","targetHints":{"allow":["GET"]}}],"collection":[{"href":"https:\/\/www.fiduciariamega.ch\/de\/wp-json\/wp\/v2\/pages"}],"about":[{"href":"https:\/\/www.fiduciariamega.ch\/de\/wp-json\/wp\/v2\/types\/page"}],"author":[{"embeddable":true,"href":"https:\/\/www.fiduciariamega.ch\/de\/wp-json\/wp\/v2\/users\/3"}],"replies":[{"embeddable":true,"href":"https:\/\/www.fiduciariamega.ch\/de\/wp-json\/wp\/v2\/comments?post=8734"}],"version-history":[{"count":11,"href":"https:\/\/www.fiduciariamega.ch\/de\/wp-json\/wp\/v2\/pages\/8734\/revisions"}],"predecessor-version":[{"id":9413,"href":"https:\/\/www.fiduciariamega.ch\/de\/wp-json\/wp\/v2\/pages\/8734\/revisions\/9413"}],"up":[{"embeddable":true,"href":"https:\/\/www.fiduciariamega.ch\/de\/wp-json\/wp\/v2\/pages\/5848"}],"wp:attachment":[{"href":"https:\/\/www.fiduciariamega.ch\/de\/wp-json\/wp\/v2\/media?parent=8734"}],"curies":[{"name":"wp","href":"https:\/\/api.w.org\/{rel}","templated":true}]}}