{"id":5907,"date":"2022-01-03T11:08:05","date_gmt":"2022-01-03T10:08:05","guid":{"rendered":"https:\/\/www.fiduciariamega.ch\/personen\/riccardo-biaggi\/"},"modified":"2026-02-12T08:21:26","modified_gmt":"2026-02-12T07:21:26","slug":"riccardo-biaggi","status":"publish","type":"page","link":"https:\/\/www.fiduciariamega.ch\/de\/personen\/riccardo-biaggi\/","title":{"rendered":"Riccardo Biaggi"},"content":{"rendered":"<p><div class=\"fusion-fullwidth fullwidth-box fusion-builder-row-1 fusion-flex-container nonhundred-percent-fullwidth non-hundred-percent-height-scrolling\" style=\"--awb-border-radius-top-left:0px;--awb-border-radius-top-right:0px;--awb-border-radius-bottom-right:0px;--awb-border-radius-bottom-left:0px;--awb-padding-top:0px;--awb-padding-right:120px;--awb-padding-left:120px;--awb-margin-top:0px;--awb-background-color:#ececec;--awb-flex-wrap:wrap;\" ><div class=\"fusion-builder-row fusion-row fusion-flex-align-items-flex-start fusion-flex-content-wrap\" style=\"max-width:1372.8px;margin-left: calc(-4% \/ 2 );margin-right: calc(-4% \/ 2 );\"><div class=\"fusion-layout-column fusion_builder_column fusion-builder-column-0 fusion_builder_column_1_2 1_2 fusion-flex-column\" style=\"--awb-bg-size:cover;--awb-width-large:50%;--awb-margin-top-large:0px;--awb-spacing-right-large:3.84%;--awb-margin-bottom-large:0px;--awb-spacing-left-large:3.84%;--awb-width-medium:50%;--awb-order-medium:0;--awb-spacing-right-medium:3.84%;--awb-spacing-left-medium:3.84%;--awb-width-small:100%;--awb-order-small:0;--awb-spacing-right-small:1.92%;--awb-spacing-left-small:1.92%;\"><div class=\"fusion-column-wrapper fusion-column-has-shadow fusion-flex-justify-content-flex-start fusion-content-layout-column\"><div class=\"fusion-image-element \" style=\"text-align:center;--awb-margin-bottom:0px;--awb-max-width:290px;--awb-caption-title-font-family:var(--h2_typography-font-family);--awb-caption-title-font-weight:var(--h2_typography-font-weight);--awb-caption-title-font-style:var(--h2_typography-font-style);--awb-caption-title-size:var(--h2_typography-font-size);--awb-caption-title-transform:var(--h2_typography-text-transform);--awb-caption-title-line-height:var(--h2_typography-line-height);--awb-caption-title-letter-spacing:var(--h2_typography-letter-spacing);\"><span class=\" fusion-imageframe imageframe-none imageframe-1 hover-type-none\"><img decoding=\"async\" width=\"1066\" height=\"1600\" alt=\"Riccardo Biaggi\" title=\"Riccardo_Biaggi_BW-2\" src=\"https:\/\/www.fiduciariamega.ch\/wp-content\/uploads\/2022\/02\/Riccardo_Biaggi_BW-2.jpg\" data-orig-src=\"https:\/\/www.fiduciariamega.ch\/wp-content\/uploads\/2022\/02\/Riccardo_Biaggi_BW-2.jpg\" class=\"lazyload img-responsive wp-image-4609\" srcset=\"data:image\/svg+xml,%3Csvg%20xmlns%3D%27http%3A%2F%2Fwww.w3.org%2F2000%2Fsvg%27%20width%3D%271066%27%20height%3D%271600%27%20viewBox%3D%270%200%201066%201600%27%3E%3Crect%20width%3D%271066%27%20height%3D%271600%27%20fill-opacity%3D%220%22%2F%3E%3C%2Fsvg%3E\" data-srcset=\"https:\/\/www.fiduciariamega.ch\/wp-content\/uploads\/2022\/02\/Riccardo_Biaggi_BW-2-200x300.jpg 200w, https:\/\/www.fiduciariamega.ch\/wp-content\/uploads\/2022\/02\/Riccardo_Biaggi_BW-2-400x600.jpg 400w, https:\/\/www.fiduciariamega.ch\/wp-content\/uploads\/2022\/02\/Riccardo_Biaggi_BW-2-600x901.jpg 600w, https:\/\/www.fiduciariamega.ch\/wp-content\/uploads\/2022\/02\/Riccardo_Biaggi_BW-2-800x1201.jpg 800w, https:\/\/www.fiduciariamega.ch\/wp-content\/uploads\/2022\/02\/Riccardo_Biaggi_BW-2.jpg 1066w\" data-sizes=\"auto\" data-orig-sizes=\"(max-width: 640px) 100vw, 800px\" \/><\/span><\/div><\/div><\/div><div class=\"fusion-layout-column fusion_builder_column fusion-builder-column-1 fusion_builder_column_1_2 1_2 fusion-flex-column\" style=\"--awb-padding-top:30px;--awb-bg-size:cover;--awb-width-large:50%;--awb-margin-top-large:20px;--awb-spacing-right-large:3.84%;--awb-margin-bottom-large:20px;--awb-spacing-left-large:3.84%;--awb-width-medium:50%;--awb-order-medium:0;--awb-spacing-right-medium:3.84%;--awb-spacing-left-medium:3.84%;--awb-width-small:100%;--awb-order-small:0;--awb-spacing-right-small:1.92%;--awb-spacing-left-small:1.92%;\"><div class=\"fusion-column-wrapper fusion-column-has-shadow fusion-flex-justify-content-flex-start fusion-content-layout-column\"><div class=\"fusion-title title fusion-title-1 fusion-sep-none fusion-title-text fusion-title-size-one TitoloPersona\"><h1 class=\"fusion-title-heading title-heading-left fusion-responsive-typography-calculated\" style=\"margin:0;--fontSize:56;line-height:1.12;\"><h1><span class=\"person-name\">Riccardo Biaggi<\/span><\/h1>\n<p><span class=\"person-title\">Vorsitzender des Verwaltungsrats<\/span><br \/>\n<span class=\"person-title\">Gesch\u00e4ftsf\u00fchrender Partner, Lugano<\/span><\/p><\/h1><\/div><div class=\"fusion-text fusion-text-1\" style=\"--awb-font-size:16px;--awb-line-height:0.6;--awb-text-transform:none;\"><p>Vicolo Nassetta 2<\/p>\n<p>CH-6900 Lugano<\/p>\n<p>+41 58 896 96 00<\/p>\n<p><a href=\"mailto:riccardo.biaggi@fiduciariamega.ch\">riccardo.biaggi@fiduciariamega.ch<\/a><\/p>\n<\/div><div class=\"fusion-social-links fusion-social-links-1\" style=\"--awb-margin-top:0px;--awb-margin-right:0px;--awb-margin-bottom:0px;--awb-margin-left:0px;--awb-box-border-top:0px;--awb-box-border-right:0px;--awb-box-border-bottom:0px;--awb-box-border-left:0px;--awb-icon-colors-hover:rgba(0,0,0,0.8);--awb-box-colors-hover:rgba(244,244,246,0.8);--awb-box-border-color:var(--awb-color3);--awb-box-border-color-hover:var(--awb-color4);\"><div class=\"fusion-social-networks color-type-custom\"><div class=\"fusion-social-networks-wrapper\"><a class=\"fusion-social-network-icon fusion-tooltip fusion-linkedin awb-icon-linkedin\" style=\"color:#000000;font-size:18px;\" data-placement=\"top\" data-title=\"LinkedIn\" data-toggle=\"tooltip\" title=\"LinkedIn\" aria-label=\"linkedin\" target=\"_blank\" rel=\"noopener noreferrer\" href=\"https:\/\/www.linkedin.com\/in\/riccardo-biaggi\/\"><\/a><\/div><\/div><\/div><\/div><\/div><\/div><\/div><div class=\"fusion-fullwidth fullwidth-box fusion-builder-row-2 fusion-flex-container nonhundred-percent-fullwidth non-hundred-percent-height-scrolling\" style=\"--awb-border-radius-top-left:0px;--awb-border-radius-top-right:0px;--awb-border-radius-bottom-right:0px;--awb-border-radius-bottom-left:0px;--awb-flex-wrap:wrap;\" ><div class=\"fusion-builder-row fusion-row fusion-flex-align-items-flex-start fusion-flex-content-wrap\" style=\"max-width:1372.8px;margin-left: calc(-4% \/ 2 );margin-right: calc(-4% \/ 2 );\"><div class=\"fusion-layout-column fusion_builder_column fusion-builder-column-2 fusion_builder_column_1_1 1_1 fusion-flex-column\" style=\"--awb-padding-top:30px;--awb-bg-size:cover;--awb-width-large:100%;--awb-margin-top-large:20px;--awb-spacing-right-large:1.92%;--awb-margin-bottom-large:20px;--awb-spacing-left-large:1.92%;--awb-width-medium:100%;--awb-order-medium:0;--awb-spacing-right-medium:1.92%;--awb-spacing-left-medium:1.92%;--awb-width-small:100%;--awb-order-small:0;--awb-spacing-right-small:1.92%;--awb-spacing-left-small:1.92%;\"><div class=\"fusion-column-wrapper fusion-column-has-shadow fusion-flex-justify-content-flex-start fusion-content-layout-column\"><div class=\"fusion-title title fusion-title-2 fusion-sep-none fusion-title-text fusion-title-size-two\" style=\"--awb-margin-bottom:15px;\"><h2 class=\"fusion-title-heading title-heading-left fusion-responsive-typography-calculated\" style=\"margin:0;--fontSize:44;line-height:1.14;\">\u00dcber mich<\/h2><\/div><div class=\"fusion-separator\" style=\"align-self: flex-start;margin-right:auto;margin-bottom:25px;width:100%;max-width:100px;\"><div class=\"fusion-separator-border sep-single sep-solid\" style=\"--awb-height:20px;--awb-amount:20px;--awb-sep-color:#0fa446;border-color:#0fa446;border-top-width:2px;\"><\/div><\/div><div class=\"fusion-text fusion-text-2\" style=\"--awb-text-transform:none;\"><p>Nach meinem Hochschulstudium, das ich 1989 abschloss, arbeitete ich bei PWC in Z\u00fcrich und erwarb 1994 den Titel des diplomierten Steuerexperten. Seit Februar 1995 bin ich bei Fiduciaria Mega t\u00e4tig. Mit einer 30-j\u00e4hrigen Berufserfahrung im nationalen und internationalen Steuerbereich unterst\u00fctze ich zahlreiche im Tessin verwurzelte Unternehmer und Unternehmen, begleite viele von ihnen auch beim Generationswechsel und stehe Privatpersonen mit bedeutenden Verm\u00f6genswerten bei der Abfassung von Testamenten und Vorsorgevollmachten und als Willensvollstrecker zur Seite. Ich sitze in den Aufsichtsr\u00e4ten von Betreibergesellschaften und vertrete dort auch die Anteilseigner und habe Erfahrung mit der Ausarbeitung von Gesellschaftervereinbarungen. Ich bin Mitglied des Stiftungsrates der FOSI (Stiftung des Orchesters der italienischsprachigen Schweiz) und habe die Gr\u00fcndung von schweizerischen gemeinn\u00fctzigen Stiftungen begleitet. Ausserdem war ich Mitglied des regionalen Beratungsausschusses Tessin der<br \/>\nSchweizerischen Nationalbank und der Beratenden Kommission f\u00fcr wirtschaftliche Innovation (COIE).<\/p>\n<\/div><\/div><\/div><\/div><\/div><div class=\"fusion-fullwidth fullwidth-box fusion-builder-row-3 fusion-flex-container nonhundred-percent-fullwidth non-hundred-percent-height-scrolling\" style=\"--awb-border-radius-top-left:0px;--awb-border-radius-top-right:0px;--awb-border-radius-bottom-right:0px;--awb-border-radius-bottom-left:0px;--awb-flex-wrap:wrap;\" ><div class=\"fusion-builder-row fusion-row fusion-flex-align-items-flex-start fusion-flex-content-wrap\" style=\"max-width:1372.8px;margin-left: calc(-4% \/ 2 );margin-right: calc(-4% \/ 2 );\"><div class=\"fusion-layout-column fusion_builder_column fusion-builder-column-3 fusion_builder_column_1_2 1_2 fusion-flex-column\" style=\"--awb-bg-size:cover;--awb-width-large:50%;--awb-margin-top-large:20px;--awb-spacing-right-large:3.84%;--awb-margin-bottom-large:20px;--awb-spacing-left-large:3.84%;--awb-width-medium:50%;--awb-order-medium:0;--awb-spacing-right-medium:3.84%;--awb-spacing-left-medium:3.84%;--awb-width-small:100%;--awb-order-small:0;--awb-spacing-right-small:1.92%;--awb-spacing-left-small:1.92%;\"><div class=\"fusion-column-wrapper fusion-column-has-shadow fusion-flex-justify-content-flex-start fusion-content-layout-column\"><div class=\"fusion-title title fusion-title-3 fusion-sep-none fusion-title-text fusion-title-size-two\" style=\"--awb-margin-bottom:15px;\"><h2 class=\"fusion-title-heading title-heading-left fusion-responsive-typography-calculated\" style=\"margin:0;--fontSize:44;line-height:1.14;\">T\u00e4tigkeitsbereiche<\/h2><\/div><div class=\"fusion-separator\" style=\"align-self: flex-start;margin-right:auto;margin-bottom:25px;width:100%;max-width:100px;\"><div class=\"fusion-separator-border sep-single sep-solid\" style=\"--awb-height:20px;--awb-amount:20px;--awb-sep-color:#0fa446;border-color:#0fa446;border-top-width:2px;\"><\/div><\/div><ul style=\"--awb-size:16px;--awb-iconcolor:#0fa446;--awb-line-height:27.2px;--awb-icon-width:27.2px;--awb-icon-height:27.2px;--awb-icon-margin:11.2px;--awb-content-margin:38.4px;\" class=\"fusion-checklist fusion-checklist-1 fusion-checklist-default type-icons checklistPersona\"><li class=\"fusion-li-item\" style=\"\"><span class=\"icon-wrapper circle-no\"><i class=\"fusion-li-icon fa-angle-right fas\" aria-hidden=\"true\"><\/i><\/span><div class=\"fusion-li-item-content\">\n<p>Nationales und internationales Steuerrecht, Verrechnungssteuer und eidgen\u00f6ssische Stempelabgaben<\/p>\n<\/div><\/li><li class=\"fusion-li-item\" style=\"\"><span class=\"icon-wrapper circle-no\"><i class=\"fusion-li-icon fa-angle-right fas\" aria-hidden=\"true\"><\/i><\/span><div class=\"fusion-li-item-content\">Aushandlung von Steuerabkommen\/Steuerbescheiden f\u00fcr nat\u00fcrliche und juristische Personen<\/div><\/li><li class=\"fusion-li-item\" style=\"\"><span class=\"icon-wrapper circle-no\"><i class=\"fusion-li-icon fa-angle-right fas\" aria-hidden=\"true\"><\/i><\/span><div class=\"fusion-li-item-content\">\n<p>Reorganisation\/Umstrukturierung (M&amp;A), Erwerb und Finanzierung von Unternehmen und Generationswechsel<\/p>\n<\/div><\/li><li class=\"fusion-li-item\" style=\"\"><span class=\"icon-wrapper circle-no\"><i class=\"fusion-li-icon fa-angle-right fas\" aria-hidden=\"true\"><\/i><\/span><div class=\"fusion-li-item-content\">Beratung von UHNWI bei Umz\u00fcgen und Steuerregelungen (Pauschalbesteuerung)<\/div><\/li><li class=\"fusion-li-item\" style=\"\"><span class=\"icon-wrapper circle-no\"><i class=\"fusion-li-icon fa-angle-right fas\" aria-hidden=\"true\"><\/i><\/span><div class=\"fusion-li-item-content\">Nachfolgeplanung, einschliesslich des Einsatzes von gemeinn\u00fctzigen Stiftungen<\/div><\/li><li class=\"fusion-li-item\" style=\"\"><span class=\"icon-wrapper circle-no\"><i class=\"fusion-li-icon fa-angle-right fas\" aria-hidden=\"true\"><\/i><\/span><div class=\"fusion-li-item-content\">Steuerliche Beratung bei Immobilientransaktionen<\/div><\/li><li class=\"fusion-li-item\" style=\"\"><span class=\"icon-wrapper circle-no\"><i class=\"fusion-li-icon fa-angle-right fas\" aria-hidden=\"true\"><\/i><\/span><div class=\"fusion-li-item-content\">Mitwirkung bei der Ausarbeitung von Vertr\u00e4gen und Gesellschaftervereinbarungen<\/div><\/li><li class=\"fusion-li-item\" style=\"\"><span class=\"icon-wrapper circle-no\"><i class=\"fusion-li-icon fa-angle-right fas\" aria-hidden=\"true\"><\/i><\/span><div class=\"fusion-li-item-content\">Mitglied in aktiven Verwaltungsr\u00e4ten<\/div><\/li><li class=\"fusion-li-item\" style=\"\"><span class=\"icon-wrapper circle-no\"><i class=\"fusion-li-icon fa-angle-right fas\" aria-hidden=\"true\"><\/i><\/span><div class=\"fusion-li-item-content\">Steuerliche Aspekte des Family Office<\/div><\/li><\/ul><\/div><\/div><div class=\"fusion-layout-column fusion_builder_column fusion-builder-column-4 fusion_builder_column_1_2 1_2 fusion-flex-column\" style=\"--awb-bg-size:cover;--awb-width-large:50%;--awb-margin-top-large:20px;--awb-spacing-right-large:3.84%;--awb-margin-bottom-large:20px;--awb-spacing-left-large:3.84%;--awb-width-medium:50%;--awb-order-medium:0;--awb-spacing-right-medium:3.84%;--awb-spacing-left-medium:3.84%;--awb-width-small:100%;--awb-order-small:0;--awb-spacing-right-small:1.92%;--awb-spacing-left-small:1.92%;\"><div class=\"fusion-column-wrapper fusion-column-has-shadow fusion-flex-justify-content-flex-start fusion-content-layout-column\"><div class=\"fusion-title title fusion-title-4 fusion-sep-none fusion-title-text fusion-title-size-two\" style=\"--awb-margin-bottom:15px;\"><h2 class=\"fusion-title-heading title-heading-left fusion-responsive-typography-calculated\" style=\"margin:0;--fontSize:44;line-height:1.14;\">Berufliche Erfahrung<\/h2><\/div><div class=\"fusion-separator\" style=\"align-self: flex-start;margin-right:auto;margin-bottom:25px;width:100%;max-width:100px;\"><div class=\"fusion-separator-border sep-single sep-solid\" style=\"--awb-height:20px;--awb-amount:20px;--awb-sep-color:#0fa446;border-color:#0fa446;border-top-width:2px;\"><\/div><\/div><ul style=\"--awb-size:16px;--awb-iconcolor:#0fa446;--awb-line-height:27.2px;--awb-icon-width:27.2px;--awb-icon-height:27.2px;--awb-icon-margin:11.2px;--awb-content-margin:38.4px;\" class=\"fusion-checklist fusion-checklist-2 fusion-checklist-default type-icons checklistPersona\"><li class=\"fusion-li-item\" style=\"\"><span class=\"icon-wrapper circle-no\"><i class=\"fusion-li-icon fa-angle-right fas\" aria-hidden=\"true\"><\/i><\/span><div class=\"fusion-li-item-content\">Vorsitzender des Verwaltungsrats von Fiduciaria Mega SA (seit 2013)<\/div><\/li><li class=\"fusion-li-item\" style=\"\"><span class=\"icon-wrapper circle-no\"><i class=\"fusion-li-icon fa-angle-right fas\" aria-hidden=\"true\"><\/i><\/span><div class=\"fusion-li-item-content\">Delegierter Lugano Fiduciaria Mega SA (2011)<\/div><\/li><li class=\"fusion-li-item\" style=\"\"><span class=\"icon-wrapper circle-no\"><i class=\"fusion-li-icon fa-angle-right fas\" aria-hidden=\"true\"><\/i><\/span><div class=\"fusion-li-item-content\">Partner und Direktor Fiduciaria Mega SA (2001)<\/div><\/li><li class=\"fusion-li-item\" style=\"\"><span class=\"icon-wrapper circle-no\"><i class=\"fusion-li-icon fa-angle-right fas\" aria-hidden=\"true\"><\/i><\/span><div class=\"fusion-li-item-content\">Eintritt in Fiduciaria Mega SA, Lugano (1995)<\/div><\/li><li class=\"fusion-li-item\" style=\"\"><span class=\"icon-wrapper circle-no\"><i class=\"fusion-li-icon fa-angle-right fas\" aria-hidden=\"true\"><\/i><\/span><div class=\"fusion-li-item-content\">Leiter Steuer- und Rechtsberatung, PricewaterhouseCoopers, Z\u00fcrich (1990-1995)<\/div><\/li><\/ul><\/div><\/div><div class=\"fusion-layout-column fusion_builder_column fusion-builder-column-5 fusion_builder_column_1_2 1_2 fusion-flex-column\" style=\"--awb-bg-size:cover;--awb-width-large:50%;--awb-margin-top-large:20px;--awb-spacing-right-large:3.84%;--awb-margin-bottom-large:20px;--awb-spacing-left-large:3.84%;--awb-width-medium:50%;--awb-order-medium:0;--awb-spacing-right-medium:3.84%;--awb-spacing-left-medium:3.84%;--awb-width-small:100%;--awb-order-small:0;--awb-spacing-right-small:1.92%;--awb-spacing-left-small:1.92%;\"><div class=\"fusion-column-wrapper fusion-column-has-shadow fusion-flex-justify-content-flex-start fusion-content-layout-column\"><div class=\"fusion-title title fusion-title-5 fusion-sep-none fusion-title-text fusion-title-size-two\" style=\"--awb-margin-bottom:15px;\"><h2 class=\"fusion-title-heading title-heading-left fusion-responsive-typography-calculated\" style=\"margin:0;--fontSize:44;line-height:1.14;\">Ausbildung<\/h2><\/div><div class=\"fusion-separator\" style=\"align-self: flex-start;margin-right:auto;margin-bottom:25px;width:100%;max-width:100px;\"><div class=\"fusion-separator-border sep-single sep-solid\" style=\"--awb-height:20px;--awb-amount:20px;--awb-sep-color:#0fa446;border-color:#0fa446;border-top-width:2px;\"><\/div><\/div><ul style=\"--awb-size:16px;--awb-iconcolor:#0fa446;--awb-line-height:27.2px;--awb-icon-width:27.2px;--awb-icon-height:27.2px;--awb-icon-margin:11.2px;--awb-content-margin:38.4px;\" class=\"fusion-checklist fusion-checklist-3 fusion-checklist-default type-icons checklistPersona\"><li class=\"fusion-li-item\" style=\"\"><span class=\"icon-wrapper circle-no\"><i class=\"fusion-li-icon fa-angle-right fas\" aria-hidden=\"true\"><\/i><\/span><div class=\"fusion-li-item-content\">Zertifizierter Steuerexperte (1994)<\/div><\/li><li class=\"fusion-li-item\" style=\"\"><span class=\"icon-wrapper circle-no\"><i class=\"fusion-li-icon fa-angle-right fas\" aria-hidden=\"true\"><\/i><\/span><div class=\"fusion-li-item-content\">Lizentiat in Wirtschaftswissenschaften an der HSG Universit\u00e4t St. Gallen, lic. oec. HSG (1989)<\/div><\/li><\/ul><\/div><\/div><div class=\"fusion-layout-column fusion_builder_column fusion-builder-column-6 fusion_builder_column_1_2 1_2 fusion-flex-column\" style=\"--awb-bg-size:cover;--awb-width-large:50%;--awb-margin-top-large:20px;--awb-spacing-right-large:3.84%;--awb-margin-bottom-large:20px;--awb-spacing-left-large:3.84%;--awb-width-medium:50%;--awb-order-medium:0;--awb-spacing-right-medium:3.84%;--awb-spacing-left-medium:3.84%;--awb-width-small:100%;--awb-order-small:0;--awb-spacing-right-small:1.92%;--awb-spacing-left-small:1.92%;\"><div class=\"fusion-column-wrapper fusion-column-has-shadow fusion-flex-justify-content-flex-start fusion-content-layout-column\"><div class=\"fusion-title title fusion-title-6 fusion-sep-none fusion-title-text fusion-title-size-two\" style=\"--awb-margin-bottom:15px;\"><h2 class=\"fusion-title-heading title-heading-left fusion-responsive-typography-calculated\" style=\"margin:0;--fontSize:44;line-height:1.14;\">Mitgliedschaften und Qualifikationen<\/h2><\/div><div class=\"fusion-separator\" style=\"align-self: flex-start;margin-right:auto;margin-bottom:25px;width:100%;max-width:100px;\"><div class=\"fusion-separator-border sep-single sep-solid\" style=\"--awb-height:20px;--awb-amount:20px;--awb-sep-color:#0fa446;border-color:#0fa446;border-top-width:2px;\"><\/div><\/div><ul style=\"--awb-size:16px;--awb-iconcolor:#0fa446;--awb-line-height:27.2px;--awb-icon-width:27.2px;--awb-icon-height:27.2px;--awb-icon-margin:11.2px;--awb-content-margin:38.4px;\" class=\"fusion-checklist fusion-checklist-4 fusion-checklist-default type-icons checklistPersona\"><li class=\"fusion-li-item\" style=\"\"><span class=\"icon-wrapper circle-no\"><i class=\"fusion-li-icon fa-angle-right fas\" aria-hidden=\"true\"><\/i><\/span><div class=\"fusion-li-item-content\">\n<p>EXPERTsuisse &#8211; Schweizerischer Expertenverband f\u00fcr Wirtschaftspr\u00fcfung, Steuern und Treuhand<\/p>\n<\/div><\/li><li class=\"fusion-li-item\" style=\"\"><span class=\"icon-wrapper circle-no\"><i class=\"fusion-li-icon fa-angle-right fas\" aria-hidden=\"true\"><\/i><\/span><div class=\"fusion-li-item-content\">Kantonale Bewilligung zur Aus\u00fcbung der T\u00e4tigkeit als Handelstreuh\u00e4nder<\/div><\/li><li class=\"fusion-li-item\" style=\"\"><span class=\"icon-wrapper circle-no\"><i class=\"fusion-li-icon fa-angle-right fas\" aria-hidden=\"true\"><\/i><\/span><div class=\"fusion-li-item-content\">IFA \u2013 International Fiscal Association<\/div><\/li><li class=\"fusion-li-item\" style=\"\"><span class=\"icon-wrapper circle-no\"><i class=\"fusion-li-icon fa-angle-right fas\" aria-hidden=\"true\"><\/i><\/span><div class=\"fusion-li-item-content\">STEP &#8211; Society of Trust and Estate Practitioners<\/div><\/li><li class=\"fusion-li-item\" style=\"\"><span class=\"icon-wrapper circle-no\"><i class=\"fusion-li-icon fa-angle-right fas\" aria-hidden=\"true\"><\/i><\/span><div class=\"fusion-li-item-content\">RAB &#8211; Eidgen\u00f6ssische Revisionsaufsichtsbeh\u00f6rde, zugelassener Revisionsexperte<\/div><\/li><li class=\"fusion-li-item\" style=\"\"><span class=\"icon-wrapper circle-no\"><i class=\"fusion-li-icon fa-angle-right fas\" aria-hidden=\"true\"><\/i><\/span><div class=\"fusion-li-item-content\">SRO Finanzintermedi\u00e4r<\/div><\/li><\/ul><\/div><\/div><div class=\"fusion-layout-column fusion_builder_column fusion-builder-column-7 fusion_builder_column_1_2 1_2 fusion-flex-column\" style=\"--awb-bg-size:cover;--awb-width-large:50%;--awb-margin-top-large:20px;--awb-spacing-right-large:3.84%;--awb-margin-bottom-large:20px;--awb-spacing-left-large:3.84%;--awb-width-medium:50%;--awb-order-medium:0;--awb-spacing-right-medium:3.84%;--awb-spacing-left-medium:3.84%;--awb-width-small:100%;--awb-order-small:0;--awb-spacing-right-small:1.92%;--awb-spacing-left-small:1.92%;\"><div class=\"fusion-column-wrapper fusion-column-has-shadow fusion-flex-justify-content-flex-start fusion-content-layout-column\"><div class=\"fusion-title title fusion-title-7 fusion-sep-none fusion-title-text fusion-title-size-two\" style=\"--awb-margin-bottom:15px;\"><h2 class=\"fusion-title-heading title-heading-left fusion-responsive-typography-calculated\" style=\"margin:0;--fontSize:44;line-height:1.14;\">Aussch\u00fcsse<\/h2><\/div><div class=\"fusion-separator\" style=\"align-self: flex-start;margin-right:auto;margin-bottom:25px;width:100%;max-width:100px;\"><div class=\"fusion-separator-border sep-single sep-solid\" style=\"--awb-height:20px;--awb-amount:20px;--awb-sep-color:#0fa446;border-color:#0fa446;border-top-width:2px;\"><\/div><\/div><ul style=\"--awb-size:16px;--awb-iconcolor:#0fa446;--awb-line-height:27.2px;--awb-icon-width:27.2px;--awb-icon-height:27.2px;--awb-icon-margin:11.2px;--awb-content-margin:38.4px;\" class=\"fusion-checklist fusion-checklist-5 fusion-checklist-default type-icons checklistPersona\"><li class=\"fusion-li-item\" style=\"\"><span class=\"icon-wrapper circle-no\"><i class=\"fusion-li-icon fa-angle-right fas\" aria-hidden=\"true\"><\/i><\/span><div class=\"fusion-li-item-content\">\n<p>Vorsitzender Regionaler Beratungsausschuss Tessin der Schweizerischen Nationalbank (SNB) (2018-2026)<\/p>\n<\/div><\/li><li class=\"fusion-li-item\" style=\"\"><span class=\"icon-wrapper circle-no\"><i class=\"fusion-li-icon fa-angle-right fas\" aria-hidden=\"true\"><\/i><\/span><div class=\"fusion-li-item-content\">\n<p>Stiftungsrat FOSI &#8211; Stiftung des Orchesters der italienischsprachigen Schweiz; Vertreter f\u00fcr die Republik und den Kanton Tessin<\/p>\n<\/div><\/li><li class=\"fusion-li-item\" style=\"\"><span class=\"icon-wrapper circle-no\"><i class=\"fusion-li-icon fa-angle-right fas\" aria-hidden=\"true\"><\/i><\/span><div class=\"fusion-li-item-content\">AGN Europe Ltd, London (Pr\u00e4sident von 2013 bis 2015)<\/div><\/li><\/ul><div class=\"fusion-text fusion-text-3\" style=\"--awb-font-size:16px;--awb-text-transform:none;--awb-margin-top:15px;\"><p>AGN (<a href=\"http:\/\/www.agn.org\" target=\"_blank\" rel=\"noopener\">www.agn.org<\/a>) ist eine Vereinigung unabh\u00e4ngiger Unternehmen, die in den Bereichen Rechnungswesen, Steuern, Unternehmens- und Wirtschaftspr\u00fcfung t\u00e4tig sind und von mehr als 200 Mitgliedern in 80 L\u00e4ndern vertreten werden.<\/p>\n<\/div><\/div><\/div><div class=\"fusion-layout-column fusion_builder_column fusion-builder-column-8 fusion_builder_column_1_2 1_2 fusion-flex-column\" style=\"--awb-bg-size:cover;--awb-width-large:50%;--awb-margin-top-large:20px;--awb-spacing-right-large:3.84%;--awb-margin-bottom-large:20px;--awb-spacing-left-large:3.84%;--awb-width-medium:50%;--awb-order-medium:0;--awb-spacing-right-medium:3.84%;--awb-spacing-left-medium:3.84%;--awb-width-small:100%;--awb-order-small:0;--awb-spacing-right-small:1.92%;--awb-spacing-left-small:1.92%;\"><div class=\"fusion-column-wrapper fusion-column-has-shadow fusion-flex-justify-content-flex-start fusion-content-layout-column\"><div class=\"fusion-title title fusion-title-8 fusion-sep-none fusion-title-text fusion-title-size-two\" style=\"--awb-margin-bottom:15px;\"><h2 class=\"fusion-title-heading title-heading-left fusion-responsive-typography-calculated\" style=\"margin:0;--fontSize:44;line-height:1.14;\">Sprachen<\/h2><\/div><div class=\"fusion-separator\" style=\"align-self: flex-start;margin-right:auto;margin-bottom:25px;width:100%;max-width:100px;\"><div class=\"fusion-separator-border sep-single sep-solid\" style=\"--awb-height:20px;--awb-amount:20px;--awb-sep-color:#0fa446;border-color:#0fa446;border-top-width:2px;\"><\/div><\/div><ul style=\"--awb-size:16px;--awb-iconcolor:#0fa446;--awb-line-height:27.2px;--awb-icon-width:27.2px;--awb-icon-height:27.2px;--awb-icon-margin:11.2px;--awb-content-margin:38.4px;\" class=\"fusion-checklist fusion-checklist-6 fusion-checklist-default type-icons checklistPersona\"><li class=\"fusion-li-item\" style=\"\"><span class=\"icon-wrapper circle-no\"><i class=\"fusion-li-icon fa-angle-right fas\" aria-hidden=\"true\"><\/i><\/span><div class=\"fusion-li-item-content\">Italienisch<\/div><\/li><li class=\"fusion-li-item\" style=\"\"><span class=\"icon-wrapper circle-no\"><i class=\"fusion-li-icon fa-angle-right fas\" aria-hidden=\"true\"><\/i><\/span><div class=\"fusion-li-item-content\">Deutsch<\/div><\/li><li class=\"fusion-li-item\" style=\"\"><span class=\"icon-wrapper circle-no\"><i class=\"fusion-li-icon fa-angle-right fas\" aria-hidden=\"true\"><\/i><\/span><div class=\"fusion-li-item-content\">Englisch<\/div><\/li><li class=\"fusion-li-item\" style=\"\"><span class=\"icon-wrapper circle-no\"><i class=\"fusion-li-icon fa-angle-right fas\" aria-hidden=\"true\"><\/i><\/span><div class=\"fusion-li-item-content\">Franz\u00f6sisch<\/div><\/li><\/ul><\/div><\/div><\/div><\/div><\/p>\n","protected":false},"excerpt":{"rendered":"","protected":false},"author":1,"featured_media":0,"parent":5848,"menu_order":0,"comment_status":"closed","ping_status":"closed","template":"100-width.php","meta":{"inline_featured_image":false,"footnotes":""},"class_list":["post-5907","page","type-page","status-publish","hentry"],"yoast_head":"<!-- This site is optimized with the Yoast SEO plugin v26.6 - https:\/\/yoast.com\/wordpress\/plugins\/seo\/ -->\n<title>Riccardo Biaggi, Gesch\u00e4ftsf\u00fchrender Partner, | Fiduciaria Mega<\/title>\n<meta name=\"description\" content=\"Nach meinem Hochschulstudium, das ich 1989 abschloss, arbeitete ich bei PWC in Z\u00fcrich und erwarb 1994 den Titel des diplomierten Steuerexperten\" \/>\n<meta name=\"robots\" content=\"index, follow, max-snippet:-1, max-image-preview:large, max-video-preview:-1\" \/>\n<link rel=\"canonical\" href=\"https:\/\/www.fiduciariamega.ch\/de\/personen\/riccardo-biaggi\/\" \/>\n<meta property=\"og:locale\" content=\"de_DE\" \/>\n<meta property=\"og:type\" content=\"article\" \/>\n<meta property=\"og:title\" content=\"Riccardo Biaggi, Gesch\u00e4ftsf\u00fchrender Partner, | Fiduciaria Mega\" \/>\n<meta property=\"og:description\" content=\"Nach meinem Hochschulstudium, das ich 1989 abschloss, arbeitete ich bei PWC in Z\u00fcrich und erwarb 1994 den Titel des diplomierten Steuerexperten\" \/>\n<meta property=\"og:url\" content=\"https:\/\/www.fiduciariamega.ch\/de\/personen\/riccardo-biaggi\/\" \/>\n<meta property=\"og:site_name\" content=\"Fiduciaria Mega\" \/>\n<meta property=\"article:modified_time\" content=\"2026-02-12T07:21:26+00:00\" \/>\n<meta name=\"twitter:card\" content=\"summary_large_image\" \/>\n<meta name=\"twitter:label1\" content=\"Gesch\u00e4tzte Lesezeit\" \/>\n\t<meta name=\"twitter:data1\" content=\"3\u00a0Minuten\" \/>\n<script type=\"application\/ld+json\" class=\"yoast-schema-graph\">{\"@context\":\"https:\/\/schema.org\",\"@graph\":[{\"@type\":\"WebPage\",\"@id\":\"https:\/\/www.fiduciariamega.ch\/de\/personen\/riccardo-biaggi\/\",\"url\":\"https:\/\/www.fiduciariamega.ch\/de\/personen\/riccardo-biaggi\/\",\"name\":\"Riccardo Biaggi, Gesch\u00e4ftsf\u00fchrender Partner, | Fiduciaria Mega\",\"isPartOf\":{\"@id\":\"https:\/\/www.fiduciariamega.ch\/de\/#website\"},\"datePublished\":\"2022-01-03T10:08:05+00:00\",\"dateModified\":\"2026-02-12T07:21:26+00:00\",\"description\":\"Nach meinem Hochschulstudium, das ich 1989 abschloss, arbeitete ich bei PWC in Z\u00fcrich und erwarb 1994 den Titel des diplomierten Steuerexperten\",\"breadcrumb\":{\"@id\":\"https:\/\/www.fiduciariamega.ch\/de\/personen\/riccardo-biaggi\/#breadcrumb\"},\"inLanguage\":\"de\",\"potentialAction\":[{\"@type\":\"ReadAction\",\"target\":[\"https:\/\/www.fiduciariamega.ch\/de\/personen\/riccardo-biaggi\/\"]}]},{\"@type\":\"BreadcrumbList\",\"@id\":\"https:\/\/www.fiduciariamega.ch\/de\/personen\/riccardo-biaggi\/#breadcrumb\",\"itemListElement\":[{\"@type\":\"ListItem\",\"position\":1,\"name\":\"Personen\",\"item\":\"https:\/\/www.fiduciariamega.ch\/de\/personen\/\"},{\"@type\":\"ListItem\",\"position\":2,\"name\":\"Riccardo Biaggi\"}]},{\"@type\":\"WebSite\",\"@id\":\"https:\/\/www.fiduciariamega.ch\/de\/#website\",\"url\":\"https:\/\/www.fiduciariamega.ch\/de\/\",\"name\":\"Fiduciaria Mega\",\"description\":\"\",\"potentialAction\":[{\"@type\":\"SearchAction\",\"target\":{\"@type\":\"EntryPoint\",\"urlTemplate\":\"https:\/\/www.fiduciariamega.ch\/de\/?s={search_term_string}\"},\"query-input\":{\"@type\":\"PropertyValueSpecification\",\"valueRequired\":true,\"valueName\":\"search_term_string\"}}],\"inLanguage\":\"de\"}]}<\/script>\n<!-- \/ Yoast SEO plugin. -->","yoast_head_json":{"title":"Riccardo Biaggi, Gesch\u00e4ftsf\u00fchrender Partner, | Fiduciaria Mega","description":"Nach meinem Hochschulstudium, das ich 1989 abschloss, arbeitete ich bei PWC in Z\u00fcrich und erwarb 1994 den Titel des diplomierten Steuerexperten","robots":{"index":"index","follow":"follow","max-snippet":"max-snippet:-1","max-image-preview":"max-image-preview:large","max-video-preview":"max-video-preview:-1"},"canonical":"https:\/\/www.fiduciariamega.ch\/de\/personen\/riccardo-biaggi\/","og_locale":"de_DE","og_type":"article","og_title":"Riccardo Biaggi, Gesch\u00e4ftsf\u00fchrender Partner, | Fiduciaria Mega","og_description":"Nach meinem Hochschulstudium, das ich 1989 abschloss, arbeitete ich bei PWC in Z\u00fcrich und erwarb 1994 den Titel des diplomierten Steuerexperten","og_url":"https:\/\/www.fiduciariamega.ch\/de\/personen\/riccardo-biaggi\/","og_site_name":"Fiduciaria Mega","article_modified_time":"2026-02-12T07:21:26+00:00","twitter_card":"summary_large_image","twitter_misc":{"Gesch\u00e4tzte Lesezeit":"3\u00a0Minuten"},"schema":{"@context":"https:\/\/schema.org","@graph":[{"@type":"WebPage","@id":"https:\/\/www.fiduciariamega.ch\/de\/personen\/riccardo-biaggi\/","url":"https:\/\/www.fiduciariamega.ch\/de\/personen\/riccardo-biaggi\/","name":"Riccardo Biaggi, Gesch\u00e4ftsf\u00fchrender Partner, | Fiduciaria Mega","isPartOf":{"@id":"https:\/\/www.fiduciariamega.ch\/de\/#website"},"datePublished":"2022-01-03T10:08:05+00:00","dateModified":"2026-02-12T07:21:26+00:00","description":"Nach meinem Hochschulstudium, das ich 1989 abschloss, arbeitete ich bei PWC in Z\u00fcrich und erwarb 1994 den Titel des diplomierten Steuerexperten","breadcrumb":{"@id":"https:\/\/www.fiduciariamega.ch\/de\/personen\/riccardo-biaggi\/#breadcrumb"},"inLanguage":"de","potentialAction":[{"@type":"ReadAction","target":["https:\/\/www.fiduciariamega.ch\/de\/personen\/riccardo-biaggi\/"]}]},{"@type":"BreadcrumbList","@id":"https:\/\/www.fiduciariamega.ch\/de\/personen\/riccardo-biaggi\/#breadcrumb","itemListElement":[{"@type":"ListItem","position":1,"name":"Personen","item":"https:\/\/www.fiduciariamega.ch\/de\/personen\/"},{"@type":"ListItem","position":2,"name":"Riccardo Biaggi"}]},{"@type":"WebSite","@id":"https:\/\/www.fiduciariamega.ch\/de\/#website","url":"https:\/\/www.fiduciariamega.ch\/de\/","name":"Fiduciaria Mega","description":"","potentialAction":[{"@type":"SearchAction","target":{"@type":"EntryPoint","urlTemplate":"https:\/\/www.fiduciariamega.ch\/de\/?s={search_term_string}"},"query-input":{"@type":"PropertyValueSpecification","valueRequired":true,"valueName":"search_term_string"}}],"inLanguage":"de"}]}},"_links":{"self":[{"href":"https:\/\/www.fiduciariamega.ch\/de\/wp-json\/wp\/v2\/pages\/5907","targetHints":{"allow":["GET"]}}],"collection":[{"href":"https:\/\/www.fiduciariamega.ch\/de\/wp-json\/wp\/v2\/pages"}],"about":[{"href":"https:\/\/www.fiduciariamega.ch\/de\/wp-json\/wp\/v2\/types\/page"}],"author":[{"embeddable":true,"href":"https:\/\/www.fiduciariamega.ch\/de\/wp-json\/wp\/v2\/users\/1"}],"replies":[{"embeddable":true,"href":"https:\/\/www.fiduciariamega.ch\/de\/wp-json\/wp\/v2\/comments?post=5907"}],"version-history":[{"count":12,"href":"https:\/\/www.fiduciariamega.ch\/de\/wp-json\/wp\/v2\/pages\/5907\/revisions"}],"predecessor-version":[{"id":10491,"href":"https:\/\/www.fiduciariamega.ch\/de\/wp-json\/wp\/v2\/pages\/5907\/revisions\/10491"}],"up":[{"embeddable":true,"href":"https:\/\/www.fiduciariamega.ch\/de\/wp-json\/wp\/v2\/pages\/5848"}],"wp:attachment":[{"href":"https:\/\/www.fiduciariamega.ch\/de\/wp-json\/wp\/v2\/media?parent=5907"}],"curies":[{"name":"wp","href":"https:\/\/api.w.org\/{rel}","templated":true}]}}